{"id":19652,"date":"2025-12-10T09:53:20","date_gmt":"2025-12-10T08:53:20","guid":{"rendered":"https:\/\/nscr.nl\/?page_id=19652"},"modified":"2026-02-19T19:09:18","modified_gmt":"2026-02-19T18:09:18","slug":"caso-masacres-de-rio-negro-vs-guatemala","status":"publish","type":"page","link":"https:\/\/nscr.nl\/en\/caso-masacres-de-rio-negro-vs-guatemala\/","title":{"rendered":"Reparations after massacres Guatemala"},"content":{"rendered":"<h1>Reparations after massacres Guatemala<\/h1>\n<p><img loading=\"lazy\" decoding=\"async\" class=\"alignnone size-full wp-image-19643\" src=\"https:\/\/nscr.nl\/app\/uploads\/2025\/12\/Poster-Guatemala-scaled.jpg\" alt=\"Reparaciones, Guatemala, IACtHR, Corte IDH, Masacres de R\u00edo Negro, Repartions, Inter-American Court of Human Rights, Guatemala's Internal Armed Conflict\" width=\"1808\" height=\"2560\" srcset=\"https:\/\/nscr.nl\/app\/uploads\/2025\/12\/Poster-Guatemala-scaled.jpg 1808w, https:\/\/nscr.nl\/app\/uploads\/2025\/12\/Poster-Guatemala-212x300.jpg 212w, https:\/\/nscr.nl\/app\/uploads\/2025\/12\/Poster-Guatemala-723x1024.jpg 723w, https:\/\/nscr.nl\/app\/uploads\/2025\/12\/Poster-Guatemala-768x1087.jpg 768w, https:\/\/nscr.nl\/app\/uploads\/2025\/12\/Poster-Guatemala-1085x1536.jpg 1085w, https:\/\/nscr.nl\/app\/uploads\/2025\/12\/Poster-Guatemala-1447x2048.jpg 1447w, https:\/\/nscr.nl\/app\/uploads\/2025\/12\/Poster-Guatemala-407x576.jpg 407w, https:\/\/nscr.nl\/app\/uploads\/2025\/12\/Poster-Guatemala-814x1152.jpg 814w\" sizes=\"auto, (max-width: 1808px) 100vw, 1808px\" \/><\/p>\n<p><em>&#8211; Due to the Spanish speaking target group of the poster, it is only available in Spanish. The context of the poster can be found in English below. &#8211;<\/em><\/p>\n<h3><strong>Contexto del p\u00f3ster Caso Masacres de R\u00edo Negro vs. Guatemala:<\/strong><\/h3>\n<p>Como resultado de una colaboraci\u00f3n entre la investigadora senior del NSCR, <a href=\"https:\/\/nscr.nl\/en\/medewerker\/mijke-de-waardt\/\">Mijke de Waardt<\/a>, y la ilustradora Saskia van Drunen, este p\u00f3ster fue creado conjuntamente con la organizaci\u00f3n sociojur\u00eddica guatemalteca <a href=\"https:\/\/www.adivima.org.gt\/\">ADIVIMA<\/a>. Ser\u00e1 utilizado por ADIVIMA en capacitaciones y talleres con personas sobrevivientes de las masacres de R\u00edo Negro en Guatemala.<\/p>\n<p>El p\u00f3ster visualiza las reparaciones que la Corte Interamericana de Derechos Humanos (<a href=\"https:\/\/corteidh.or.cr\/index.cfm?lang=en\">Corte IDH<\/a>) orden\u00f3 al Estado guatemalteco implementar en 2012, en el caso <em>Masacres de R\u00edo Negro vs. Guatemala<\/em>. La idea del p\u00f3ster surgi\u00f3 a partir de un proyecto de investigaci\u00f3n sociojur\u00eddica sobre c\u00f3mo las personas sobrevivientes experimentan su derecho a la reparaci\u00f3n. Este subestudio form\u00f3 parte de un proyecto de investigaci\u00f3n m\u00e1s amplio junto con Rianne Letschert, presidenta de la Universidad de Maastricht, en el que se analizaron cuatro casos ante distintos tribunales internacionales: la Corte IDH, el Tribunal Europeo de Derechos Humanos (TEDH), las C\u00e1maras Extraordinarias de los Tribunales de Camboya (ECCC) y la Corte Penal Internacional (CPI). El objetivo fue comprender si, y de qu\u00e9 manera, las reparaciones a trav\u00e9s de procedimientos de justicia internacional contribuyen a la justicia reparadora.<\/p>\n<p>Las personas participantes en este subestudio pertenecen al pueblo maya ach\u00ed. Vivieron una serie de masacres ocurridas en R\u00edo Negro, Guatemala, en el contexto de la construcci\u00f3n de una represa hidroel\u00e9ctrica y del reasentamiento forzado durante la d\u00e9cada de 1980, en el marco del Conflicto Armado Interno de Guatemala. Las v\u00edctimas de estas masacres tienen derecho a diversas formas de reparaci\u00f3n, incluida una extensa lista de reparaciones ordenadas por la Corte IDH en 2012. Sin embargo, muchas de estas reparaciones a\u00fan no han sido implementadas y, con frecuencia, las v\u00edctimas no saben a qu\u00e9 tipos de reparaci\u00f3n tienen derecho. Esperamos que el p\u00f3ster pueda enriquecer los di\u00e1logos en curso con las autoridades responsables de su implementaci\u00f3n, reconociendo que la complejidad de estos procesos puede dificultar el acceso a la informaci\u00f3n.<\/p>\n<p>Esperamos que el p\u00f3ster pueda enriquecer los di\u00e1logos en curso entre las personas sobrevivientes, ADIVIMA, la Corte y las autoridades responsables de la implementaci\u00f3n, reconociendo que la complejidad de estos procesos puede dificultar el acceso a la informaci\u00f3n.<\/p>\n<p>Las reparaciones constituyen un derecho reconocido de las personas sobrevivientes y su implementaci\u00f3n plena y significativa resulta fundamental.<\/p>\n<h3 dir=\"ltr\" tabindex=\"-1\" role=\"text\" data-placeholder=\"Vertaling\" data-ved=\"2ahUKEwiakvnPkuaSAxUj2AIHHRe2GdQQ3ewLegQIDBAW\" aria-label=\"Vertaalde tekst: Para m\u00e1s informaci\u00f3n, p\u00f3ngase en contacto con\">M\u00e1s informaci\u00f3n<\/h3>\n<p id=\"tw-target-text\" class=\"tw-data-text tw-text-large tw-ta\" dir=\"ltr\" tabindex=\"-1\" role=\"text\" data-placeholder=\"Vertaling\" data-ved=\"2ahUKEwiakvnPkuaSAxUj2AIHHRe2GdQQ3ewLegQIDBAW\" aria-label=\"Vertaalde tekst: Para m\u00e1s informaci\u00f3n, p\u00f3ngase en contacto con\"><span class=\"Y2IQFc\" lang=\"es\">Para m\u00e1s informaci\u00f3n, p\u00f3ngase en contacto con <a href=\"https:\/\/nscr.nl\/en\/medewerker\/mijke-de-waardt\/#onderzoeksgebieden\">Mijke de Waardt<\/a><\/span><\/p>\n<p><em>&#8211; English &#8211;\u00a0<\/em><\/p>\n<h3><strong>Background poster R\u00edo Negro massacres in Guatemala:<\/strong><\/h3>\n<p>As a result of a collaboration between NSCR Senior researcher <a href=\"https:\/\/nscr.nl\/en\/medewerker\/mijke-de-waardt\/\">Mijke de Waardt<\/a> and illustrator Saskia van Drunen, this poster was created together with the Guatemalan socio-legal organization ADIVIMA. It will be used by <a href=\"https:\/\/www.adivima.org.gt\/\">ADIVIMA<\/a> in trainings and workshops with survivors of the R\u00edo Negro massacres in Guatemala.<\/p>\n<p>The poster visualizes the reparations that the Inter-American Court of Human Rights (<a href=\"https:\/\/corteidh.or.cr\/index.cfm?lang=en\">IACtHR<\/a>) ordered the Guatemalan government to implement in 2012 in the case <em>Massacres of R\u00edo Negro vs. Guatemala<\/em>. The idea for the poster arose from a socio-legal research project on how survivors experience their right to reparation. This sub-study was part of a larger research project with Rianne Letschert, President of Maastricht University, examining four cases across different international courts: the IACtHR, the ECtHR, the ECCC, and the ICC. The aim was to understand whether, and how, reparations through international justice procedures contribute to reparative justice.<\/p>\n<p>The participants in this sub-study belong to the Maya Achi people. They lived through a number of massacres that took place in R\u00edo Negro, Guatemala, in the context of the construction of a hydroelectric dam and forced resettlement that took place in the 1980s, during Guatemala\u2019s Internal Armed Conflict. Victims of these massacres are entitled to several forms of reparation, including a long list of reparations ordered by the IACtHR in 2012. However, many of these reparations have not yet been implemented and victims often do not know to what kind of reparations they are entitled to.<\/p>\n<p>We hope the poster can enrich ongoing conversations between survivors, ADIVIMA, and the Court, and the authorities responsible for implementation, while acknowledging that the complexity of these processes can make access to information challenging.<\/p>\n<p>Reparations constitute a recognized right of these survivors, and their full and meaningful implementation is fundamental.<\/p>\n<h3>More information<\/h3>\n<p>For more information, please contact <span class=\"Y2IQFc\" lang=\"es\"><a href=\"https:\/\/nscr.nl\/en\/medewerker\/mijke-de-waardt\/#onderzoeksgebieden\">Mijke de Waardt<\/a><\/span><\/p>\n","protected":false},"excerpt":{"rendered":"<p>Reparations after massacres Guatemala &#8211; Due to the Spanish speaking target group of the poster, it is only available in Spanish. The context of the poster can be found in English below. &#8211; Contexto del p\u00f3ster Caso Masacres de R\u00edo Negro vs. Guatemala: Como resultado de una colaboraci\u00f3n entre la investigadora senior del NSCR, Mijke [&hellip;]<\/p>\n","protected":false},"author":53,"featured_media":0,"parent":0,"menu_order":0,"comment_status":"closed","ping_status":"closed","template":"","meta":{"_acf_changed":false,"footnotes":""},"class_list":["post-19652","page","type-page","status-publish","hentry"],"acf":[],"yoast_head":"<!-- This site is optimized with the Yoast SEO plugin v25.9 - https:\/\/yoast.com\/wordpress\/plugins\/seo\/ -->\n<title>Reparations after massacres Guatemala &#187; NSCR<\/title>\n<meta name=\"description\" content=\"Este p\u00f3ster ser\u00e1 utilizado por ADIVIMA en capacitaciones y talleres con personas sobrevivientes de las masacres de R\u00edo Negro en Guatemala.\" \/>\n<meta name=\"robots\" content=\"index, follow, max-snippet:-1, max-image-preview:large, max-video-preview:-1\" \/>\n<link rel=\"canonical\" href=\"https:\/\/nscr.nl\/en\/caso-masacres-de-rio-negro-vs-guatemala\/\" \/>\n<meta property=\"og:locale\" content=\"en_US\" \/>\n<meta property=\"og:type\" content=\"article\" \/>\n<meta property=\"og:title\" content=\"Reparations after massacres Guatemala &#187; NSCR\" \/>\n<meta property=\"og:description\" content=\"Este p\u00f3ster ser\u00e1 utilizado por ADIVIMA en capacitaciones y talleres con personas sobrevivientes de las masacres de R\u00edo Negro en Guatemala.\" \/>\n<meta property=\"og:url\" content=\"https:\/\/nscr.nl\/en\/caso-masacres-de-rio-negro-vs-guatemala\/\" \/>\n<meta property=\"og:site_name\" content=\"NSCR\" \/>\n<meta property=\"article:modified_time\" content=\"2026-02-19T18:09:18+00:00\" \/>\n<meta property=\"og:image\" content=\"https:\/\/nscr.nl\/app\/uploads\/2025\/12\/Poster-Guatemala-scaled.jpg\" \/>\n\t<meta property=\"og:image:width\" content=\"1808\" \/>\n\t<meta property=\"og:image:height\" content=\"2560\" \/>\n\t<meta property=\"og:image:type\" content=\"image\/jpeg\" \/>\n<meta name=\"twitter:card\" content=\"summary_large_image\" \/>\n<meta name=\"twitter:label1\" content=\"Est. reading time\" \/>\n\t<meta name=\"twitter:data1\" content=\"4 minutes\" \/>\n<script type=\"application\/ld+json\" class=\"yoast-schema-graph\">{\"@context\":\"https:\/\/schema.org\",\"@graph\":[{\"@type\":\"WebPage\",\"@id\":\"https:\/\/nscr.nl\/en\/caso-masacres-de-rio-negro-vs-guatemala\/\",\"url\":\"https:\/\/nscr.nl\/en\/caso-masacres-de-rio-negro-vs-guatemala\/\",\"name\":\"Reparations after massacres Guatemala &#187; NSCR\",\"isPartOf\":{\"@id\":\"https:\/\/nscr.nl\/#website\"},\"primaryImageOfPage\":{\"@id\":\"https:\/\/nscr.nl\/en\/caso-masacres-de-rio-negro-vs-guatemala\/#primaryimage\"},\"image\":{\"@id\":\"https:\/\/nscr.nl\/en\/caso-masacres-de-rio-negro-vs-guatemala\/#primaryimage\"},\"thumbnailUrl\":\"https:\/\/nscr.nl\/app\/uploads\/2025\/12\/Poster-Guatemala-scaled.jpg\",\"datePublished\":\"2025-12-10T08:53:20+00:00\",\"dateModified\":\"2026-02-19T18:09:18+00:00\",\"description\":\"Este p\u00f3ster ser\u00e1 utilizado por ADIVIMA en capacitaciones y talleres con personas sobrevivientes de las masacres de R\u00edo Negro en Guatemala.\",\"breadcrumb\":{\"@id\":\"https:\/\/nscr.nl\/en\/caso-masacres-de-rio-negro-vs-guatemala\/#breadcrumb\"},\"inLanguage\":\"en-US\",\"potentialAction\":[{\"@type\":\"ReadAction\",\"target\":[\"https:\/\/nscr.nl\/en\/caso-masacres-de-rio-negro-vs-guatemala\/\"]}]},{\"@type\":\"ImageObject\",\"inLanguage\":\"en-US\",\"@id\":\"https:\/\/nscr.nl\/en\/caso-masacres-de-rio-negro-vs-guatemala\/#primaryimage\",\"url\":\"https:\/\/nscr.nl\/app\/uploads\/2025\/12\/Poster-Guatemala-scaled.jpg\",\"contentUrl\":\"https:\/\/nscr.nl\/app\/uploads\/2025\/12\/Poster-Guatemala-scaled.jpg\"},{\"@type\":\"BreadcrumbList\",\"@id\":\"https:\/\/nscr.nl\/en\/caso-masacres-de-rio-negro-vs-guatemala\/#breadcrumb\",\"itemListElement\":[{\"@type\":\"ListItem\",\"position\":1,\"name\":\"Home\",\"item\":\"https:\/\/nscr.nl\/en\/\"},{\"@type\":\"ListItem\",\"position\":2,\"name\":\"Reparations after massacres Guatemala\"}]},{\"@type\":\"WebSite\",\"@id\":\"https:\/\/nscr.nl\/#website\",\"url\":\"https:\/\/nscr.nl\/\",\"name\":\"NSCR\",\"description\":\"Nederlands Studiecentrum voor Criminaliteit en Rechtshandhaving\",\"publisher\":{\"@id\":\"https:\/\/nscr.nl\/#organization\"},\"potentialAction\":[{\"@type\":\"SearchAction\",\"target\":{\"@type\":\"EntryPoint\",\"urlTemplate\":\"https:\/\/nscr.nl\/?s={search_term_string}\"},\"query-input\":{\"@type\":\"PropertyValueSpecification\",\"valueRequired\":true,\"valueName\":\"search_term_string\"}}],\"inLanguage\":\"en-US\"},{\"@type\":\"Organization\",\"@id\":\"https:\/\/nscr.nl\/#organization\",\"name\":\"NSCR\",\"url\":\"https:\/\/nscr.nl\/\",\"logo\":{\"@type\":\"ImageObject\",\"inLanguage\":\"en-US\",\"@id\":\"https:\/\/nscr.nl\/#\/schema\/logo\/image\/\",\"url\":\"https:\/\/nscr.nl\/app\/uploads\/2025\/09\/1a_NSCR_LogoBasis_CMYK.png\",\"contentUrl\":\"https:\/\/nscr.nl\/app\/uploads\/2025\/09\/1a_NSCR_LogoBasis_CMYK.png\",\"width\":591,\"height\":160,\"caption\":\"NSCR\"},\"image\":{\"@id\":\"https:\/\/nscr.nl\/#\/schema\/logo\/image\/\"},\"sameAs\":[\"https:\/\/www.linkedin.com\/company\/nscr\/\"]}]}<\/script>\n<!-- \/ Yoast SEO plugin. -->","yoast_head_json":{"title":"Reparations after massacres Guatemala &#187; NSCR","description":"Este p\u00f3ster ser\u00e1 utilizado por ADIVIMA en capacitaciones y talleres con personas sobrevivientes de las masacres de R\u00edo Negro en Guatemala.","robots":{"index":"index","follow":"follow","max-snippet":"max-snippet:-1","max-image-preview":"max-image-preview:large","max-video-preview":"max-video-preview:-1"},"canonical":"https:\/\/nscr.nl\/en\/caso-masacres-de-rio-negro-vs-guatemala\/","og_locale":"en_US","og_type":"article","og_title":"Reparations after massacres Guatemala &#187; NSCR","og_description":"Este p\u00f3ster ser\u00e1 utilizado por ADIVIMA en capacitaciones y talleres con personas sobrevivientes de las masacres de R\u00edo Negro en Guatemala.","og_url":"https:\/\/nscr.nl\/en\/caso-masacres-de-rio-negro-vs-guatemala\/","og_site_name":"NSCR","article_modified_time":"2026-02-19T18:09:18+00:00","og_image":[{"width":1808,"height":2560,"url":"https:\/\/nscr.nl\/app\/uploads\/2025\/12\/Poster-Guatemala-scaled.jpg","type":"image\/jpeg"}],"twitter_card":"summary_large_image","twitter_misc":{"Est. reading time":"4 minutes"},"schema":{"@context":"https:\/\/schema.org","@graph":[{"@type":"WebPage","@id":"https:\/\/nscr.nl\/en\/caso-masacres-de-rio-negro-vs-guatemala\/","url":"https:\/\/nscr.nl\/en\/caso-masacres-de-rio-negro-vs-guatemala\/","name":"Reparations after massacres Guatemala &#187; NSCR","isPartOf":{"@id":"https:\/\/nscr.nl\/#website"},"primaryImageOfPage":{"@id":"https:\/\/nscr.nl\/en\/caso-masacres-de-rio-negro-vs-guatemala\/#primaryimage"},"image":{"@id":"https:\/\/nscr.nl\/en\/caso-masacres-de-rio-negro-vs-guatemala\/#primaryimage"},"thumbnailUrl":"https:\/\/nscr.nl\/app\/uploads\/2025\/12\/Poster-Guatemala-scaled.jpg","datePublished":"2025-12-10T08:53:20+00:00","dateModified":"2026-02-19T18:09:18+00:00","description":"Este p\u00f3ster ser\u00e1 utilizado por ADIVIMA en capacitaciones y talleres con personas sobrevivientes de las masacres de R\u00edo Negro en Guatemala.","breadcrumb":{"@id":"https:\/\/nscr.nl\/en\/caso-masacres-de-rio-negro-vs-guatemala\/#breadcrumb"},"inLanguage":"en-US","potentialAction":[{"@type":"ReadAction","target":["https:\/\/nscr.nl\/en\/caso-masacres-de-rio-negro-vs-guatemala\/"]}]},{"@type":"ImageObject","inLanguage":"en-US","@id":"https:\/\/nscr.nl\/en\/caso-masacres-de-rio-negro-vs-guatemala\/#primaryimage","url":"https:\/\/nscr.nl\/app\/uploads\/2025\/12\/Poster-Guatemala-scaled.jpg","contentUrl":"https:\/\/nscr.nl\/app\/uploads\/2025\/12\/Poster-Guatemala-scaled.jpg"},{"@type":"BreadcrumbList","@id":"https:\/\/nscr.nl\/en\/caso-masacres-de-rio-negro-vs-guatemala\/#breadcrumb","itemListElement":[{"@type":"ListItem","position":1,"name":"Home","item":"https:\/\/nscr.nl\/en\/"},{"@type":"ListItem","position":2,"name":"Reparations after massacres Guatemala"}]},{"@type":"WebSite","@id":"https:\/\/nscr.nl\/#website","url":"https:\/\/nscr.nl\/","name":"NSCR","description":"Nederlands Studiecentrum voor Criminaliteit en Rechtshandhaving","publisher":{"@id":"https:\/\/nscr.nl\/#organization"},"potentialAction":[{"@type":"SearchAction","target":{"@type":"EntryPoint","urlTemplate":"https:\/\/nscr.nl\/?s={search_term_string}"},"query-input":{"@type":"PropertyValueSpecification","valueRequired":true,"valueName":"search_term_string"}}],"inLanguage":"en-US"},{"@type":"Organization","@id":"https:\/\/nscr.nl\/#organization","name":"NSCR","url":"https:\/\/nscr.nl\/","logo":{"@type":"ImageObject","inLanguage":"en-US","@id":"https:\/\/nscr.nl\/#\/schema\/logo\/image\/","url":"https:\/\/nscr.nl\/app\/uploads\/2025\/09\/1a_NSCR_LogoBasis_CMYK.png","contentUrl":"https:\/\/nscr.nl\/app\/uploads\/2025\/09\/1a_NSCR_LogoBasis_CMYK.png","width":591,"height":160,"caption":"NSCR"},"image":{"@id":"https:\/\/nscr.nl\/#\/schema\/logo\/image\/"},"sameAs":["https:\/\/www.linkedin.com\/company\/nscr\/"]}]}},"_links":{"self":[{"href":"https:\/\/nscr.nl\/en\/wp-json\/wp\/v2\/pages\/19652","targetHints":{"allow":["GET"]}}],"collection":[{"href":"https:\/\/nscr.nl\/en\/wp-json\/wp\/v2\/pages"}],"about":[{"href":"https:\/\/nscr.nl\/en\/wp-json\/wp\/v2\/types\/page"}],"author":[{"embeddable":true,"href":"https:\/\/nscr.nl\/en\/wp-json\/wp\/v2\/users\/53"}],"replies":[{"embeddable":true,"href":"https:\/\/nscr.nl\/en\/wp-json\/wp\/v2\/comments?post=19652"}],"version-history":[{"count":9,"href":"https:\/\/nscr.nl\/en\/wp-json\/wp\/v2\/pages\/19652\/revisions"}],"predecessor-version":[{"id":19984,"href":"https:\/\/nscr.nl\/en\/wp-json\/wp\/v2\/pages\/19652\/revisions\/19984"}],"wp:attachment":[{"href":"https:\/\/nscr.nl\/en\/wp-json\/wp\/v2\/media?parent=19652"}],"curies":[{"name":"wp","href":"https:\/\/api.w.org\/{rel}","templated":true}]}}